{"id":72,"date":"2012-07-31T02:16:22","date_gmt":"2012-07-31T02:16:22","guid":{"rendered":"http:\/\/theme-fusion.com\/avada\/?page_id=72"},"modified":"2019-11-21T17:49:30","modified_gmt":"2019-11-21T22:49:30","slug":"modulo-6-meses","status":"publish","type":"page","link":"https:\/\/academiamaribel.com\/es\/modulo-6-meses\/","title":{"rendered":"Modulo de 6 Meses"},"content":{"rendered":"<div class=\"fusion-fullwidth fullwidth-box fusion-fullwidth-1  fusion-parallax-none nonhundred-percent-fullwidth\" style=\"border-color:#eae9e9;border-bottom-width: 0px;border-top-width: 0px;border-bottom-style: solid;border-top-style: solid;padding-bottom:20px;padding-top:10px;padding-left:0px;padding-right:0px;\"><style type=\"text\/css\" scoped=\"scoped\">.fusion-fullwidth-1 {\n                            padding-left: 0px !important;\n                            padding-right: 0px !important;\n                        }<\/style><div class=\"fusion-row\"><h1 style=\"text-align: center;\"><span style=\"color: #000000;\">En estos m\u00f3dulos aprender\u00e1s a trav\u00e9s de la teor\u00eda y la pr\u00e1ctica, como desenvolverte de manera profesional en el \u00e1rea de tu preferencia.<\/span><\/h1>\n<h4 style=\"text-align: center;\">USD 100,00 MATRICULA USD 85,00 MENSUALIDAD<\/h4>\n<\/div><\/div><div class=\"fusion-one-fourth fusion-layout-column fusion-spacing-yes\" style=\"margin-top:0px;margin-bottom:20px;\"><div class=\"fusion-column-wrapper\"><ul>\n<li>\n<h2><a href=\"#manicura\">Manicura<\/a><\/h2>\n<\/li>\n<li>\n<h2><a href=\"#Pedicura\">Pedicura<\/a><\/h2>\n<\/li>\n<li>\n<h2><a href=\"#LavadodeCabello\">Lavado de Cabello<\/a><\/h2>\n<h2><\/h2>\n<\/li>\n<\/ul>\n<div class=\"fusion-clearfix\"><\/div><\/div><\/div><div class=\"fusion-one-fourth fusion-layout-column fusion-spacing-yes\" style=\"margin-top:0px;margin-bottom:20px;\"><div class=\"fusion-column-wrapper\"><ul>\n<li>\n<h2><a href=\"#Tratamiento\">Tratamiento<\/a><\/h2>\n<\/li>\n<li>\n<h2><a href=\"#Seteos\">Seteos<\/a><\/h2>\n<\/li>\n<li>\n<h2><a href=\"#Blower\">Blower<\/a><\/h2>\n<\/li>\n<\/ul>\n<div class=\"fusion-clearfix\"><\/div><\/div><\/div><div class=\"fusion-one-fourth fusion-layout-column fusion-spacing-yes\" style=\"margin-top:0px;margin-bottom:20px;\"><div class=\"fusion-column-wrapper\"><ul>\n<li>\n<h3><a href=\"#Cortes\">Cortes<\/a><\/h3>\n<\/li>\n<li>\n<h3><a href=\"#Peinados\">Peinados<\/a><\/h3>\n<\/li>\n<li>\n<h3><a href=\"#Quimicos\">Qu\u00edmicos<\/a><\/h3>\n<\/li>\n<\/ul>\n<div class=\"fusion-clearfix\"><\/div><\/div><\/div><div class=\"fusion-one-fourth fusion-layout-column fusion-column-last fusion-spacing-yes\" style=\"margin-top:0px;margin-bottom:20px;\"><div class=\"fusion-column-wrapper\"><h3><\/h3>\n<ul>\n<li>\n<h3><a href=\"#Depilacion\">Depilaci\u00f3n<\/a><\/h3>\n<\/li>\n<li>\n<h3><a href=\"#Maquillaje\">Maquillaje Facial<\/a><\/h3>\n<\/li>\n<li>\n<h3><a href=\"#unas\">U\u00f1as artificiales<\/a><\/h3>\n<\/li>\n<\/ul>\n<div class=\"fusion-clearfix\"><\/div><\/div><\/div><div class=\"fusion-clearfix\"><\/div><div class=\"fusion-sep-clear\"><\/div><div class=\"fusion-separator fusion-full-width-sep sep-none\" style=\"border-color:#e0dede;margin-left: auto;margin-right: auto;margin-top:;\" id=\"Manicura\"><\/div><div class=\"fusion-fullwidth fullwidth-box fusion-fullwidth-2  fusion-parallax-none nonhundred-percent-fullwidth\" style=\"border-color:#eae9e9;border-bottom-width: 0px;border-top-width: 0px;border-bottom-style: solid;border-top-style: solid;padding-bottom:20px;padding-top:20px;padding-left:;padding-right:;\"><style type=\"text\/css\" scoped=\"scoped\">.fusion-fullwidth-2 {\n                            padding-left: px !important;\n                            padding-right: px !important;\n                        }<\/style><div class=\"fusion-row\"><div class=\"fusion-section-separator section-separator\" style=\"border-bottom:25px solid #00a3ff;\" id=\"manicura\"><div class=\"divider-candy-arrow bottom\" style=\"top:25px;border-top-color: #00a3ff;\"><\/div><div class=\"divider-candy bottom\" style=\"bottom:-45px;border-bottom:1px solid #00a3ff;border-left:1px solid #00a3ff;\"><\/div><\/div><\/div><\/div><div class=\"fusion-sep-clear\"><\/div><div class=\"fusion-separator fusion-full-width-sep sep-none\" style=\"border-color:#e0dede;margin-left: auto;margin-right: auto;margin-top:40px;margin-bottom:60px;\"><\/div><div class=\"fusion-one-half fusion-layout-column fusion-spacing-yes\" style=\"margin-top:0px;margin-bottom:20px;\"><div class=\"fusion-column-wrapper\"><div class=\"fusion-slider-sc flexslider flexslider-hover-type-none\" style=\"max-width:100%;height:100%;\"><ul class=\"slides\"><li class=\"image\"><span class=\"hover-type-none\"><img src=\"http:\/\/academiamaribel.com\/es\/wp-content\/uploads\/2012\/07\/manicura.jpg\" \/><\/span><\/li><\/ul><\/div><div class=\"fusion-sep-clear\"><\/div><div class=\"fusion-separator fusion-full-width-sep sep-none\" style=\"border-color:#e0dede;margin-left: auto;margin-right: auto;margin-top:-20px;\"><\/div><div class=\"fusion-clearfix\"><\/div><\/div><\/div><div class=\"fusion-one-half fusion-layout-column fusion-column-last fusion-spacing-yes\" style=\"margin-top:0px;margin-bottom:20px;\"><div class=\"fusion-column-wrapper\"><div class=\"fusion-title title fusion-title-size-one\" style=\"margin-bottom:30px;\"><div class=\"title-sep-container\"><div class=\"title-sep sep-double\"><\/div><\/div><h1 class=\"title-heading-right\">\n<h2>T\u00e9cnicas\u00a0b\u00e1sicas\u00a0de manicure<\/h2>\n<\/h1><\/div><p class=\"p1\" style=\"text-align: justify;\"><span class=\"s1\">Aprende las t\u00e9cnicas correctas en la aplicaci\u00f3n de esmaltes, en Academia T\u00e9cnica de Belleza Maribel contamos con las mejores marcas del mercado. Esmaltes convencionales y en gel (gelish) remover bordes, limado de u\u00f1as, elaborar dise\u00f1os decorativos en u\u00f1as de gel y naturales, conocimientos sobre la morfolog\u00eda de las manos y habilidades de masajes, as\u00ed como la adecuada instalaci\u00f3n y mantenimiento de u\u00f1as postizas.<\/span><\/p>\n<div class=\"fusion-sep-clear\"><\/div><div class=\"fusion-separator fusion-full-width-sep sep-none\" style=\"border-color:#e0dede;margin-left: auto;margin-right: auto;margin-top:-30px;\"><\/div><div class=\"fusion-clearfix\"><\/div><\/div><\/div><div class=\"fusion-clearfix\"><\/div><div class=\"fusion-sep-clear\"><\/div><div class=\"fusion-separator fusion-full-width-sep sep-single\" style=\"border-color:#e0dede;border-top-width:1px;margin-left: auto;margin-right: auto;margin-top:;margin-bottom:60px;\" id=\"Pedicura\"><\/div><div class=\"fusion-one-half fusion-layout-column fusion-spacing-yes\" style=\"margin-top:0px;margin-bottom:20px;\"><div class=\"fusion-column-wrapper\"><div class=\"fusion-title title fusion-title-size-one\" style=\"margin-bottom:30px;\"><h1 class=\"title-heading-left\">\n<h2>Pedicure Completo<\/h2>\n<\/h1><div class=\"title-sep-container\"><div class=\"title-sep sep-double\"><\/div><\/div><\/div><p class=\"p1\" style=\"text-align: justify;\"><span class=\"s1\">Es importante que conozcas la medici\u00f3n adecuada de la temperatura del agua para remojar los pies a gusto de los clientes, aprende diferentes habilidades de limado y pintura, extracci\u00f3n de cut\u00edculas y durezas.<\/span><\/p>\n<div class=\"fusion-sep-clear\"><\/div><div class=\"fusion-separator fusion-full-width-sep sep-none\" style=\"border-color:#e0dede;margin-left: auto;margin-right: auto;margin-top:-30px;\"><\/div><div class=\"fusion-clearfix\"><\/div><\/div><\/div><div class=\"fusion-one-half fusion-layout-column fusion-column-last fusion-spacing-yes\" style=\"margin-top:0px;margin-bottom:20px;\"><div class=\"fusion-column-wrapper\"><div class=\"fusion-slider-sc flexslider flexslider-hover-type-none\" style=\"max-width:100%;height:100%;\"><ul class=\"slides\"><li class=\"image\"><span class=\"hover-type-none\"><img src=\"http:\/\/academiamaribel.com\/es\/wp-content\/uploads\/2012\/07\/pedicure.jpg\" \/><\/span><\/li><\/ul><\/div><div class=\"fusion-sep-clear\"><\/div><div class=\"fusion-separator fusion-full-width-sep sep-none\" style=\"border-color:#e0dede;margin-left: auto;margin-right: auto;margin-top:-20px;\"><\/div><div class=\"fusion-clearfix\"><\/div><\/div><\/div><div class=\"fusion-clearfix\"><\/div><div class=\"fusion-sep-clear\"><\/div><div class=\"fusion-separator fusion-full-width-sep sep-single\" style=\"border-color:#e0dede;border-top-width:1px;margin-left: auto;margin-right: auto;margin-top:40px;margin-bottom:60px;\" id=\"LavadodeCabello\"><\/div><div class=\"fusion-one-half fusion-layout-column fusion-spacing-yes\" style=\"margin-top:0px;margin-bottom:20px;\"><div class=\"fusion-column-wrapper\"><div class=\"fusion-slider-sc flexslider flexslider-hover-type-none\" style=\"max-width:100%;height:100%;\"><ul class=\"slides\"><li class=\"image\"><span class=\"hover-type-none\"><img src=\"http:\/\/academiamaribel.com\/es\/wp-content\/uploads\/2012\/07\/istoc.jpg\" \/><\/span><\/li><\/ul><\/div><div class=\"fusion-sep-clear\"><\/div><div class=\"fusion-separator fusion-full-width-sep sep-none\" style=\"border-color:#e0dede;margin-left: auto;margin-right: auto;margin-top:-20px;\"><\/div><div class=\"fusion-clearfix\"><\/div><\/div><\/div><div class=\"fusion-one-half fusion-layout-column fusion-column-last fusion-spacing-yes\" style=\"margin-top:0px;margin-bottom:20px;\"><div class=\"fusion-column-wrapper\"><div class=\"fusion-title title fusion-title-size-one\" style=\"margin-bottom:30px;\"><div class=\"title-sep-container\"><div class=\"title-sep sep-double\"><\/div><\/div><h1 class=\"title-heading-right\">\n<h2>Lavado del Cabello<\/h2>\n<\/h1><\/div><p class=\"p1\" style=\"text-align: justify;\">T\u00e9cnicas\u00a0para lavar el cabello de forma correcta, realizaci\u00f3n de masajes durante el proceso.<\/p>\n<div class=\"fusion-sep-clear\"><\/div><div class=\"fusion-separator fusion-full-width-sep sep-none\" style=\"border-color:#e0dede;margin-left: auto;margin-right: auto;margin-top:-30px;\"><\/div><div class=\"fusion-clearfix\"><\/div><\/div><\/div><div class=\"fusion-clearfix\"><\/div><div class=\"fusion-sep-clear\"><\/div><div class=\"fusion-separator fusion-full-width-sep sep-single\" style=\"border-color:#e0dede;border-top-width:1px;margin-left: auto;margin-right: auto;margin-top:;margin-bottom:60px;\" id=\"Tratamiento\"><\/div><div class=\"fusion-one-half fusion-layout-column fusion-spacing-yes\" style=\"margin-top:0px;margin-bottom:20px;\"><div class=\"fusion-column-wrapper\"><div class=\"fusion-title title fusion-title-size-one\" style=\"margin-bottom:30px;\"><h1 class=\"title-heading-left\">\n<h2>Tratamientos para el Cabello<\/h2>\n<\/h1><div class=\"title-sep-container\"><div class=\"title-sep sep-double\"><\/div><\/div><\/div><p class=\"p1\" style=\"text-align: justify;\"><span class=\"s1\">Aprende la aplicaci\u00f3n correcta de productos para la cuidado del cabello: como cremas, champ\u00fa, enjuage y tratamientos para el fortalecimiento, crecimiento y volumen. Adem\u00e1s te ense\u00f1aremos a reconocer las mejores marcas de productos de belleza en el mercado y como lavar el cabello de forma correcta.<\/span><\/p>\n<div class=\"fusion-sep-clear\"><\/div><div class=\"fusion-separator fusion-full-width-sep sep-none\" style=\"border-color:#e0dede;margin-left: auto;margin-right: auto;margin-top:-30px;\"><\/div><div class=\"fusion-clearfix\"><\/div><\/div><\/div><div class=\"fusion-one-half fusion-layout-column fusion-column-last fusion-spacing-yes\" style=\"margin-top:0px;margin-bottom:20px;\"><div class=\"fusion-column-wrapper\"><div class=\"fusion-slider-sc flexslider flexslider-hover-type-none\" style=\"max-width:100%;height:100%;\"><ul class=\"slides\"><li class=\"image\"><span class=\"hover-type-none\"><img src=\"http:\/\/academiamaribel.com\/es\/wp-content\/uploads\/2012\/07\/tratamiento-cabello.jpg\" \/><\/span><\/li><\/ul><\/div><div class=\"fusion-sep-clear\"><\/div><div class=\"fusion-separator fusion-full-width-sep sep-none\" style=\"border-color:#e0dede;margin-left: auto;margin-right: auto;margin-top:-20px;\"><\/div><div class=\"fusion-clearfix\"><\/div><\/div><\/div><div class=\"fusion-clearfix\"><\/div><div class=\"fusion-sep-clear\"><\/div><div class=\"fusion-separator fusion-full-width-sep sep-single\" style=\"border-color:#e0dede;border-top-width:1px;margin-left: auto;margin-right: auto;margin-top:40px;margin-bottom:60px;\" id=\"Seteos\"><\/div><div class=\"fusion-one-half fusion-layout-column fusion-spacing-yes\" style=\"margin-top:0px;margin-bottom:20px;\"><div class=\"fusion-column-wrapper\"><div class=\"fusion-slider-sc flexslider flexslider-hover-type-none\" style=\"max-width:100%;height:100%;\"><ul class=\"slides\"><li class=\"image\"><span class=\"hover-type-none\"><img src=\"http:\/\/academiamaribel.com\/es\/wp-content\/uploads\/2012\/07\/1.jpg\" \/><\/span><\/li><\/ul><\/div><div class=\"fusion-sep-clear\"><\/div><div class=\"fusion-separator fusion-full-width-sep sep-none\" style=\"border-color:#e0dede;margin-left: auto;margin-right: auto;margin-top:-20px;\"><\/div><div class=\"fusion-clearfix\"><\/div><\/div><\/div><div class=\"fusion-one-half fusion-layout-column fusion-column-last fusion-spacing-yes\" style=\"margin-top:0px;margin-bottom:20px;\"><div class=\"fusion-column-wrapper\"><div class=\"fusion-title title fusion-title-size-one\" style=\"margin-bottom:30px;\"><div class=\"title-sep-container\"><div class=\"title-sep sep-double\"><\/div><\/div><h1 class=\"title-heading-right\">\n<h2>Seteos<\/h2>\n<\/h1><\/div><p class=\"p1\" style=\"text-align: justify;\"><span class=\"s1\">Colocaci\u00f3n de rollos anchos y formas de secado ideal durante su uso. Contamos con las mejores herramientas para que aprendas a realizar blowers, cepillos con cerdas de calidad y peines.<\/span><\/p>\n<div class=\"fusion-sep-clear\"><\/div><div class=\"fusion-separator fusion-full-width-sep sep-none\" style=\"border-color:#e0dede;margin-left: auto;margin-right: auto;margin-top:-30px;\"><\/div><div class=\"fusion-clearfix\"><\/div><\/div><\/div><div class=\"fusion-clearfix\"><\/div><div class=\"fusion-sep-clear\"><\/div><div class=\"fusion-separator fusion-full-width-sep sep-single\" style=\"border-color:#e0dede;border-top-width:1px;margin-left: auto;margin-right: auto;margin-top:;margin-bottom:60px;\" id=\"Blower\"><\/div><div class=\"fusion-one-half fusion-layout-column fusion-spacing-yes\" style=\"margin-top:0px;margin-bottom:20px;\"><div class=\"fusion-column-wrapper\"><div class=\"fusion-title title fusion-title-size-one\" style=\"margin-bottom:30px;\"><h1 class=\"title-heading-left\">\n<h2>Blower<\/h2>\n<\/h1><div class=\"title-sep-container\"><div class=\"title-sep sep-double\"><\/div><\/div><\/div><p class=\"p1\" style=\"text-align: justify;\"><span class=\"s1\">Te mostraremos las t\u00e9cnicas correctas de secado para cada forma y corte de cabello, podr\u00e1s dar volumen y distinguir los mejores productos para dar brillo despu\u00e9s del blower. Contamos con una amplia gama de secadores profesionales para tus pr\u00e1cticas.<\/span><\/p>\n<div class=\"fusion-sep-clear\"><\/div><div class=\"fusion-separator fusion-full-width-sep sep-none\" style=\"border-color:#e0dede;margin-left: auto;margin-right: auto;margin-top:-30px;\"><\/div><div class=\"fusion-clearfix\"><\/div><\/div><\/div><div class=\"fusion-one-half fusion-layout-column fusion-column-last fusion-spacing-yes\" style=\"margin-top:0px;margin-bottom:20px;\"><div class=\"fusion-column-wrapper\"><div class=\"fusion-slider-sc flexslider flexslider-hover-type-none\" style=\"max-width:100%;height:100%;\"><ul class=\"slides\"><li class=\"image\"><span class=\"hover-type-none\"><img src=\"http:\/\/academiamaribel.com\/es\/wp-content\/uploads\/2012\/07\/blower.jpg\" \/><\/span><\/li><\/ul><\/div><div class=\"fusion-sep-clear\"><\/div><div class=\"fusion-separator fusion-full-width-sep sep-none\" style=\"border-color:#e0dede;margin-left: auto;margin-right: auto;margin-top:-20px;\"><\/div><div class=\"fusion-clearfix\"><\/div><\/div><\/div><div class=\"fusion-clearfix\"><\/div><div class=\"fusion-sep-clear\"><\/div><div class=\"fusion-separator fusion-full-width-sep sep-single\" style=\"border-color:#e0dede;border-top-width:1px;margin-left: auto;margin-right: auto;margin-top:40px;margin-bottom:60px;\" id=\"Cortes\"><\/div><div class=\"fusion-one-half fusion-layout-column fusion-spacing-yes\" style=\"margin-top:0px;margin-bottom:20px;\"><div class=\"fusion-column-wrapper\"><div class=\"fusion-slider-sc flexslider flexslider-hover-type-none\" style=\"max-width:100%;height:100%;\"><ul class=\"slides\"><li class=\"image\"><span class=\"hover-type-none\"><img src=\"http:\/\/academiamaribel.com\/es\/wp-content\/uploads\/2012\/07\/cortes-1.jpg\" \/><\/span><\/li><\/ul><\/div><div class=\"fusion-sep-clear\"><\/div><div class=\"fusion-separator fusion-full-width-sep sep-none\" style=\"border-color:#e0dede;margin-left: auto;margin-right: auto;margin-top:-20px;\"><\/div><div class=\"fusion-clearfix\"><\/div><\/div><\/div><div class=\"fusion-one-half fusion-layout-column fusion-column-last fusion-spacing-yes\" style=\"margin-top:0px;margin-bottom:20px;\"><div class=\"fusion-column-wrapper\"><div class=\"fusion-title title fusion-title-size-one\" style=\"margin-bottom:30px;\"><div class=\"title-sep-container\"><div class=\"title-sep sep-double\"><\/div><\/div><h1 class=\"title-heading-right\">\n<h2>Corte<\/h2>\n<\/h1><\/div><p class=\"p1\" style=\"text-align: justify;\"><span class=\"s1\">Aprender\u00e1s los mejores cortes de cabello, para aconsejar al cliente de acuerdo con la forma de su rostro, contamos con informaci\u00f3n variada e\u00a0<\/span><span class=\"s1\">ilustraciones para que identifiques cada tipo de cara y las tendencias de corte m\u00e1s vanguardistas.<\/span><\/p>\n<div class=\"fusion-sep-clear\"><\/div><div class=\"fusion-separator fusion-full-width-sep sep-none\" style=\"border-color:#e0dede;margin-left: auto;margin-right: auto;margin-top:-30px;\"><\/div><div class=\"fusion-clearfix\"><\/div><\/div><\/div><div class=\"fusion-clearfix\"><\/div><div class=\"fusion-sep-clear\"><\/div><div class=\"fusion-separator fusion-full-width-sep sep-single\" style=\"border-color:#e0dede;border-top-width:1px;margin-left: auto;margin-right: auto;margin-top:40px;margin-bottom:60px;\" id=\"Peinados\"><\/div><div class=\"fusion-one-half fusion-layout-column fusion-spacing-yes\" style=\"margin-top:0px;margin-bottom:20px;\"><div class=\"fusion-column-wrapper\"><div class=\"fusion-title title fusion-title-size-one\" style=\"margin-bottom:30px;\"><h1 class=\"title-heading-left\">\n<h2>Peinados<\/h2>\n<\/h1><div class=\"title-sep-container\"><div class=\"title-sep sep-double\"><\/div><\/div><\/div><p class=\"p1\" style=\"text-align: justify;\"><span class=\"s1\">Si pensabas que realizar peinados y trenzas era un trabajo dif\u00edcil, con nosotros podr\u00e1s\u00a0desarrollaras diferentes habilidades para elaborar desde las trenzas m\u00e1s sencillas hasta las m\u00e1s complejas. Al igual que diferentes clases de peinados con accesorios incluidos.<\/span><\/p>\n<div class=\"fusion-sep-clear\"><\/div><div class=\"fusion-separator fusion-full-width-sep sep-none\" style=\"border-color:#e0dede;margin-left: auto;margin-right: auto;margin-top:-30px;\"><\/div><div class=\"fusion-clearfix\"><\/div><\/div><\/div><div class=\"fusion-one-half fusion-layout-column fusion-column-last fusion-spacing-yes\" style=\"margin-top:0px;margin-bottom:20px;\"><div class=\"fusion-column-wrapper\"><div class=\"fusion-slider-sc flexslider flexslider-hover-type-none\" style=\"max-width:100%;height:100%;\"><ul class=\"slides\"><li class=\"image\"><span class=\"hover-type-none\"><img src=\"http:\/\/academiamaribel.com\/es\/wp-content\/uploads\/2012\/07\/peinados.jpg\" \/><\/span><\/li><\/ul><\/div><div class=\"fusion-sep-clear\"><\/div><div class=\"fusion-separator fusion-full-width-sep sep-none\" style=\"border-color:#e0dede;margin-left: auto;margin-right: auto;margin-top:-20px;\"><\/div><div class=\"fusion-clearfix\"><\/div><\/div><\/div><div class=\"fusion-clearfix\"><\/div><div class=\"fusion-sep-clear\"><\/div><div class=\"fusion-separator fusion-full-width-sep sep-single\" style=\"border-color:#e0dede;border-top-width:1px;margin-left: auto;margin-right: auto;margin-top:40px;margin-bottom:60px;\" id=\"Quimicos\"><\/div><div class=\"fusion-one-half fusion-layout-column fusion-spacing-yes\" style=\"margin-top:0px;margin-bottom:20px;\"><div class=\"fusion-column-wrapper\"><div class=\"fusion-slider-sc flexslider flexslider-hover-type-none\" style=\"max-width:100%;height:100%;\"><ul class=\"slides\"><li class=\"image\"><span class=\"hover-type-none\"><img src=\"http:\/\/academiamaribel.com\/es\/wp-content\/uploads\/2012\/07\/quimicos.jpg\" \/><\/span><\/li><\/ul><\/div><div class=\"fusion-sep-clear\"><\/div><div class=\"fusion-separator fusion-full-width-sep sep-none\" style=\"border-color:#e0dede;margin-left: auto;margin-right: auto;margin-top:-20px;\"><\/div><div class=\"fusion-clearfix\"><\/div><\/div><\/div><div class=\"fusion-one-half fusion-layout-column fusion-column-last fusion-spacing-yes\" style=\"margin-top:0px;margin-bottom:20px;\"><div class=\"fusion-column-wrapper\"><div class=\"fusion-title title fusion-title-size-one\" style=\"margin-bottom:30px;\"><div class=\"title-sep-container\"><div class=\"title-sep sep-double\"><\/div><\/div><h1 class=\"title-heading-right\">\n<h2>Qu\u00edmicos<\/h2>\n<\/h1><\/div><p class=\"p1\"><span class=\"s1\">Contamos con una amplia gama de productos para elaborar diferentes tipos de alisado, hidrataciones y keratinas, aprender\u00e1s el tiempo de duraci\u00f3n de cada producto en el cabello seg\u00fan su forma, aplicaci\u00f3n de tintes, decoloraciones, cambios de color y mechas. Podr\u00e1s aconsejar al cliente sobre las \u00faltimas innovaciones en el \u00e1rea de cortes y aplicaci\u00f3n de tintes seg\u00fan los colores de moda.<\/span><\/p>\n<div class=\"fusion-sep-clear\"><\/div><div class=\"fusion-separator fusion-full-width-sep sep-none\" style=\"border-color:#e0dede;margin-left: auto;margin-right: auto;margin-top:-30px;\"><\/div><div class=\"fusion-clearfix\"><\/div><\/div><\/div><div class=\"fusion-clearfix\"><\/div><div class=\"fusion-sep-clear\"><\/div><div class=\"fusion-separator fusion-full-width-sep sep-single\" style=\"border-color:#e0dede;border-top-width:1px;margin-left: auto;margin-right: auto;margin-top:40px;margin-bottom:60px;\" id=\"Depilacion\"><\/div><div class=\"fusion-one-half fusion-layout-column fusion-spacing-yes\" style=\"margin-top:0px;margin-bottom:20px;\"><div class=\"fusion-column-wrapper\"><div class=\"fusion-title title fusion-title-size-one\" style=\"margin-bottom:30px;\"><h1 class=\"title-heading-left\">\n<h2>Depilaci\u00f3n Completa<\/h2>\n<\/h1><div class=\"title-sep-container\"><div class=\"title-sep sep-double\"><\/div><\/div><\/div><p>El objetivo principal es brindar conocimientos y adecuar las habilidades de las personas puedan realizar depilaci\u00f3n facial y corporal con diferentes m\u00e9todos de aplicaci\u00f3n, permitiendo ejercer esta actividad como una profesi\u00f3n.<\/p>\n<div class=\"fusion-sep-clear\"><\/div><div class=\"fusion-separator fusion-full-width-sep sep-none\" style=\"border-color:#e0dede;margin-left: auto;margin-right: auto;margin-top:-30px;\"><\/div><div class=\"fusion-clearfix\"><\/div><\/div><\/div><div class=\"fusion-one-half fusion-layout-column fusion-column-last fusion-spacing-yes\" style=\"margin-top:0px;margin-bottom:20px;\"><div class=\"fusion-column-wrapper\"><div class=\"fusion-slider-sc flexslider flexslider-hover-type-none\" style=\"max-width:100%;height:100%;\"><ul class=\"slides\"><li class=\"image\"><span class=\"hover-type-none\"><img src=\"http:\/\/academiamaribel.com\/es\/wp-content\/uploads\/2012\/07\/depilacion.jpg\" \/><\/span><\/li><\/ul><\/div><div class=\"fusion-sep-clear\"><\/div><div class=\"fusion-separator fusion-full-width-sep sep-none\" style=\"border-color:#e0dede;margin-left: auto;margin-right: auto;margin-top:-20px;\"><\/div><div class=\"fusion-clearfix\"><\/div><\/div><\/div><div class=\"fusion-clearfix\"><\/div><div class=\"fusion-sep-clear\"><\/div><div class=\"fusion-separator fusion-full-width-sep sep-single\" style=\"border-color:#e0dede;border-top-width:1px;margin-left: auto;margin-right: auto;margin-top:40px;margin-bottom:60px;\" id=\"Maquillaje\"><\/div><div class=\"fusion-one-half fusion-layout-column fusion-spacing-yes\" style=\"margin-top:0px;margin-bottom:20px;\"><div class=\"fusion-column-wrapper\"><div class=\"fusion-slider-sc flexslider flexslider-hover-type-none\" style=\"max-width:100%;height:100%;\"><ul class=\"slides\"><li class=\"image\"><span class=\"hover-type-none\"><img src=\"http:\/\/academiamaribel.com\/es\/wp-content\/uploads\/2012\/07\/maquillaje.jpg\" \/><\/span><\/li><\/ul><\/div><div class=\"fusion-sep-clear\"><\/div><div class=\"fusion-separator fusion-full-width-sep sep-none\" style=\"border-color:#e0dede;margin-left: auto;margin-right: auto;margin-top:-20px;\"><\/div><div class=\"fusion-clearfix\"><\/div><\/div><\/div><div class=\"fusion-one-half fusion-layout-column fusion-column-last fusion-spacing-yes\" style=\"margin-top:0px;margin-bottom:20px;\"><div class=\"fusion-column-wrapper\"><div class=\"fusion-title title fusion-title-size-one\" style=\"margin-bottom:30px;\"><div class=\"title-sep-container\"><div class=\"title-sep sep-double\"><\/div><\/div><h1 class=\"title-heading-right\">\n<h2>Maquillaje<\/h2>\n<\/h1><\/div><p style=\"text-align: justify;\">Prep\u00e1rate y capac\u00edtate en este m\u00f3dulo, probando nuevos productos, manteni\u00e9ndose actualizadas, agregando contenido al curso a medida que descubren nuevas t\u00e9cnicas para el maquillaje.<\/p>\n<div class=\"fusion-sep-clear\"><\/div><div class=\"fusion-separator fusion-full-width-sep sep-none\" style=\"border-color:#e0dede;margin-left: auto;margin-right: auto;margin-top:-30px;\"><\/div><div class=\"fusion-clearfix\"><\/div><\/div><\/div><div class=\"fusion-clearfix\"><\/div><div class=\"fusion-sep-clear\"><\/div><div class=\"fusion-separator fusion-full-width-sep sep-single\" style=\"border-color:#e0dede;border-top-width:1px;margin-left: auto;margin-right: auto;margin-top:40px;margin-bottom:60px;\" id=\"unas\"><\/div><div class=\"fusion-one-half fusion-layout-column fusion-spacing-yes\" style=\"margin-top:0px;margin-bottom:20px;\"><div class=\"fusion-column-wrapper\"><div class=\"fusion-title title fusion-title-size-one\" style=\"margin-bottom:30px;\"><h1 class=\"title-heading-left\">\n<h2>Instalaci\u00f3n B\u00e1sica\u00a0de U\u00f1as<\/h2>\n<\/h1><div class=\"title-sep-container\"><div class=\"title-sep sep-double\"><\/div><\/div><\/div><p>Extracci\u00f3n\u00a0de\u00a0cut\u00edculas,\u00a0\u00a0remover\u00a0\u00a0diferentes clases de esmaltes (convencionales y de gel)\u00a0\u00a0forma\u00a0correcta\u00a0de\u00a0limado de u\u00f1as,\u00a0\u00a0 conocimientos\u00a0\u00a0sobre la \u00a0morfolog\u00eda\u00a0de las manos\u00a0y masajes.<\/p>\n<div class=\"fusion-sep-clear\"><\/div><div class=\"fusion-separator fusion-full-width-sep sep-none\" style=\"border-color:#e0dede;margin-left: auto;margin-right: auto;margin-top:-30px;\"><\/div><div class=\"fusion-clearfix\"><\/div><\/div><\/div><div class=\"fusion-one-half fusion-layout-column fusion-column-last fusion-spacing-yes\" style=\"margin-top:0px;margin-bottom:20px;\"><div class=\"fusion-column-wrapper\"><div class=\"fusion-slider-sc flexslider flexslider-hover-type-none\" style=\"max-width:100%;height:100%;\"><ul class=\"slides\"><li class=\"image\"><span class=\"hover-type-none\"><img src=\"http:\/\/academiamaribel.com\/es\/wp-content\/uploads\/2012\/07\/postilas.jpg\" \/><\/span><\/li><\/ul><\/div><div class=\"fusion-sep-clear\"><\/div><div class=\"fusion-separator fusion-full-width-sep sep-none\" style=\"border-color:#e0dede;margin-left: auto;margin-right: auto;margin-top:-20px;\"><\/div><div class=\"fusion-clearfix\"><\/div><\/div><\/div><div class=\"fusion-clearfix\"><\/div>\n","protected":false},"excerpt":{"rendered":"","protected":false},"author":1,"featured_media":0,"parent":0,"menu_order":0,"comment_status":"open","ping_status":"open","template":"","meta":[],"_links":{"self":[{"href":"https:\/\/academiamaribel.com\/es\/wp-json\/wp\/v2\/pages\/72"}],"collection":[{"href":"https:\/\/academiamaribel.com\/es\/wp-json\/wp\/v2\/pages"}],"about":[{"href":"https:\/\/academiamaribel.com\/es\/wp-json\/wp\/v2\/types\/page"}],"author":[{"embeddable":true,"href":"https:\/\/academiamaribel.com\/es\/wp-json\/wp\/v2\/users\/1"}],"replies":[{"embeddable":true,"href":"https:\/\/academiamaribel.com\/es\/wp-json\/wp\/v2\/comments?post=72"}],"version-history":[{"count":42,"href":"https:\/\/academiamaribel.com\/es\/wp-json\/wp\/v2\/pages\/72\/revisions"}],"predecessor-version":[{"id":12319,"href":"https:\/\/academiamaribel.com\/es\/wp-json\/wp\/v2\/pages\/72\/revisions\/12319"}],"wp:attachment":[{"href":"https:\/\/academiamaribel.com\/es\/wp-json\/wp\/v2\/media?parent=72"}],"curies":[{"name":"wp","href":"https:\/\/api.w.org\/{rel}","templated":true}]}}