{"id":11904,"date":"2016-05-20T17:40:55","date_gmt":"2016-05-20T22:40:55","guid":{"rendered":"http:\/\/academiamaribel.com\/es\/?page_id=11904"},"modified":"2016-06-20T14:20:43","modified_gmt":"2016-06-20T19:20:43","slug":"cursos-individuales","status":"publish","type":"page","link":"https:\/\/academiamaribel.com\/es\/cursos-individuales\/","title":{"rendered":"Cursos Individuales"},"content":{"rendered":"<div class=\"fusion-title title fusion-title-size-two\" style=\"margin-bottom:30px;\"><h2 class=\"title-heading-left\">CURSOS INDIVIDUALES<\/h2><div class=\"title-sep-container\"><div class=\"title-sep sep-double\"><\/div><\/div><\/div><div class=\"fusion-one-third fusion-layout-column fusion-spacing-yes\" style=\"margin-top:0px;margin-bottom:20px;\"><div class=\"fusion-column-wrapper\"><p class=\"p1\" style=\"text-align: justify;\"><span class=\"s1\">Un sal\u00f3n de belleza integral no puede estar completo sin el conocimiento b\u00e1sico en manicura, pedicura, qu\u00edmicos, depilaci\u00f3n, entre otros. La Academia T\u00e9cnica de Belleza Maribel ofrece a los\u00a0estudiantes mayores de edad en cursos especializados. Requisitos: Deben tener fotocopia del carnet de identidad y ser paname\u00f1os. En caso de ser extranjeros tener papeles vigentes para aplicar, as\u00ed como el certificado de educaci\u00f3n y sello.\u00a0<\/span><\/p>\n<div class=\"fusion-clearfix\"><\/div><\/div><\/div><div class=\"fusion-two-third fusion-layout-column fusion-column-last fusion-spacing-yes\" style=\"margin-top:0px;margin-bottom:20px;\"><div class=\"fusion-column-wrapper\"><div class=\"fusion-slider-sc flexslider flexslider-hover-type-none\" style=\"max-width:100%;height:100%;\"><ul class=\"slides\"><li class=\"image\"><span class=\"hover-type-none\"><img src=\"http:\/\/academiamaribel.com\/es\/wp-content\/uploads\/2016\/05\/i3.jpg\" \/><\/span><\/li><li class=\"image\"><span class=\"hover-type-none\"><img src=\"http:\/\/academiamaribel.com\/es\/wp-content\/uploads\/2016\/05\/i2.jpg\" \/><\/span><\/li><li class=\"image\"><span class=\"hover-type-none\"><img src=\"http:\/\/academiamaribel.com\/es\/wp-content\/uploads\/2016\/05\/i1.jpg\" \/><\/span><\/li><\/ul><\/div><div class=\"fusion-clearfix\"><\/div><\/div><\/div><div class=\"fusion-clearfix\"><\/div><div class=\"fusion-one-fifth fusion-layout-column fusion-spacing-yes\" style=\"margin-top:0px;margin-bottom:20px;\"><div class=\"fusion-column-wrapper\"><div class=\"fusion-clearfix\"><\/div><\/div><\/div><div class=\"fusion-three-fifth fusion-layout-column fusion-spacing-yes\" style=\"margin-top:0px;margin-bottom:20px;\"><div class=\"fusion-column-wrapper\"><div class=\"fusion-title title fusion-title-size-two\" style=\"margin-bottom:30px;\"><h2 class=\"title-heading-left\">\n<h2 style=\"text-align: center;\">Todos los estudiantes que completen los m\u00f3dulos del curso recibir\u00e1n un certificado de participaci\u00f3n.<\/h2>\n<\/h2><div class=\"title-sep-container\"><div class=\"title-sep sep-double\"><\/div><\/div><\/div><div class=\"fusion-clearfix\"><\/div><\/div><\/div><div class=\"fusion-one-fifth fusion-layout-column fusion-column-last fusion-spacing-yes\" style=\"margin-top:0px;margin-bottom:20px;\"><div class=\"fusion-column-wrapper\"><div class=\"fusion-clearfix\"><\/div><\/div><\/div><div class=\"fusion-clearfix\"><\/div><div class=\"fusion-two-third fusion-layout-column fusion-spacing-yes\" style=\"margin-top:0px;margin-bottom:20px;\"><div class=\"fusion-column-wrapper\"><div class=\"fusion-slider-sc flexslider flexslider-hover-type-none\" style=\"max-width:100%;height:100%;\"><ul class=\"slides\"><li class=\"image\"><span class=\"hover-type-none\"><img src=\"http:\/\/academiamaribel.com\/es\/wp-content\/uploads\/2016\/05\/unas3.jpg\" \/><\/span><\/li><li class=\"image\"><span class=\"hover-type-none\"><img src=\"http:\/\/academiamaribel.com\/es\/wp-content\/uploads\/2016\/05\/maqui-1.jpg\" \/><\/span><\/li><\/ul><\/div><div class=\"fusion-clearfix\"><\/div><\/div><\/div><div class=\"fusion-one-third fusion-layout-column fusion-column-last fusion-spacing-yes\" style=\"margin-top:0px;margin-bottom:20px;\"><div class=\"fusion-column-wrapper\"><div class=\"fusion-title title fusion-title-size-two\" style=\"margin-bottom:30px;\"><div class=\"title-sep-container\"><div class=\"title-sep sep-double\"><\/div><\/div><h2 class=\"title-heading-right\">\n<h2>Facial y Maquillaje.<\/h2>\n<\/h2><\/div><p style=\"text-align: center;\">Aprende a realizar tratamientos faciales y desarrollar las t\u00e9cnicas adecuadas en maquillaje profesional.<\/p>\n<p style=\"text-align: center;\">(Una semana de duraci\u00f3n\u00a0USD 50,00)<\/p>\n<div class=\"fusion-clearfix\"><\/div><\/div><\/div><div class=\"fusion-clearfix\"><\/div><div class=\"fusion-sep-clear\"><\/div><div class=\"fusion-separator fusion-full-width-sep sep-none\" style=\"border-color:#e0dede;margin-left: auto;margin-right: auto;margin-top:50px;\"><\/div><div class=\"fusion-section-separator section-separator\" style=\"border-bottom:5px solid #8224e3;\"><div class=\"divider-candy-arrow bottom\" style=\"top:5px;border-top-color: #8224e3;\"><\/div><div class=\"divider-candy bottom\" style=\"bottom:-25px;border-bottom:1px solid #8224e3;border-left:1px solid #8224e3;\"><\/div><\/div><div class=\"fusion-sep-clear\"><\/div><div class=\"fusion-separator fusion-full-width-sep sep-none\" style=\"border-color:#e0dede;margin-left: auto;margin-right: auto;margin-top:100px;\"><\/div><div class=\"fusion-one-third fusion-layout-column fusion-spacing-yes\" style=\"margin-top:0px;margin-bottom:20px;\"><div class=\"fusion-column-wrapper\"><div class=\"fusion-title title fusion-title-size-two\" style=\"margin-bottom:30px;\"><h2 class=\"title-heading-left\">\n<h2>Depilaci\u00f3n B\u00e1sica.<\/h2>\n<\/h2><div class=\"title-sep-container\"><div class=\"title-sep sep-double\"><\/div><\/div><\/div><p style=\"text-align: center;\">Conoce y aplica las \u00faltimas tendencias de depilaci\u00f3n en diferentes partes del cuerpo<\/p>\n<p style=\"text-align: center;\">(Una semana de duraci\u00f3n USD 50,00)<\/p>\n<div class=\"fusion-clearfix\"><\/div><\/div><\/div><div class=\"fusion-one-third fusion-layout-column fusion-spacing-yes\" style=\"margin-top:0px;margin-bottom:20px;\"><div class=\"fusion-column-wrapper\"><span class=\"fusion-imageframe imageframe-none imageframe-1 hover-type-none\"> <img decoding=\"async\" src=\"http:\/\/academiamaribel.com\/es\/wp-content\/uploads\/2016\/05\/depilacion-peinados.jpg\" alt=\"\" class=\"img-responsive\"\/><\/span><div class=\"fusion-clearfix\"><\/div><\/div><\/div><div class=\"fusion-one-third fusion-layout-column fusion-column-last fusion-spacing-yes\" style=\"margin-top:0px;margin-bottom:20px;\"><div class=\"fusion-column-wrapper\"><div class=\"fusion-title title fusion-title-size-two\" style=\"margin-bottom:30px;\"><div class=\"title-sep-container\"><div class=\"title-sep sep-double\"><\/div><\/div><h2 class=\"title-heading-right\">\n<h2>Cortes, Blower, Trenzas y Peinados.<\/h2>\n<\/h2><\/div><p style=\"text-align: center;\">Especialidad en cortes de cabello seg\u00fan la forma del rostro del cliente, t\u00e9cnicas de blower para dar volumen, realizaci\u00f3n de diferentes clases de trenzas, peinados b\u00e1sicos y complejos.<\/p>\n<p style=\"text-align: center;\">(Un mes de duraci\u00f3n USD 100,00)<\/p>\n<div class=\"fusion-clearfix\"><\/div><\/div><\/div><div class=\"fusion-clearfix\"><\/div><div class=\"fusion-section-separator section-separator\" style=\"border-bottom:5px solid #8224e3;\"><div class=\"divider-candy-arrow bottom\" style=\"top:5px;border-top-color: #8224e3;\"><\/div><div class=\"divider-candy bottom\" style=\"bottom:-25px;border-bottom:1px solid #8224e3;border-left:1px solid #8224e3;\"><\/div><\/div><div class=\"fusion-sep-clear\"><\/div><div class=\"fusion-separator fusion-full-width-sep sep-none\" style=\"border-color:#e0dede;margin-left: auto;margin-right: auto;margin-top:100px;\"><\/div><div class=\"fusion-one-third fusion-layout-column fusion-spacing-yes\" style=\"margin-top:0px;margin-bottom:20px;\"><div class=\"fusion-column-wrapper\"><div class=\"fusion-title title fusion-title-size-two\" style=\"margin-bottom:30px;\"><h2 class=\"title-heading-left\">\n<h2>Quimicos, Tintes, Alisado, Mechas<\/h2>\n<\/h2><div class=\"title-sep-container\"><div class=\"title-sep sep-double\"><\/div><\/div><\/div><p style=\"text-align: center;\">Pi\u00e9rdele el miedo a la aplicaci\u00f3n de productos qu\u00edmicos. Durante este curso te instruir\u00e1s sobre la forma correcta para elaborar tintes, alisados, mechas y cambio de color.<\/p>\n<p style=\"text-align: center;\">(Un mes de duraci\u00f3n USD 100,00)<\/p>\n<div class=\"fusion-clearfix\"><\/div><\/div><\/div><div class=\"fusion-one-third fusion-layout-column fusion-spacing-yes\" style=\"margin-top:0px;margin-bottom:20px;\"><div class=\"fusion-column-wrapper\"><span class=\"fusion-imageframe imageframe-none imageframe-2 hover-type-none\"> <img decoding=\"async\" src=\"http:\/\/academiamaribel.com\/es\/wp-content\/uploads\/2016\/05\/quimicos-manicura.jpg\" alt=\"\" class=\"img-responsive\"\/><\/span><div class=\"fusion-clearfix\"><\/div><\/div><\/div><div class=\"fusion-one-third fusion-layout-column fusion-column-last fusion-spacing-yes\" style=\"margin-top:0px;margin-bottom:20px;\"><div class=\"fusion-column-wrapper\"><div class=\"fusion-title title fusion-title-size-two\" style=\"margin-bottom:30px;\"><div class=\"title-sep-container\"><div class=\"title-sep sep-double\"><\/div><\/div><h2 class=\"title-heading-right\">\n<h2>Manicure y Pedicure.<\/h2>\n<\/h2><\/div><p style=\"text-align: center;\">Aqu\u00ed te ense\u00f1amos la manera correcta de aplicar esmaltes, convencionales y de larga duraci\u00f3n (Gelish), instalaci\u00f3n de u\u00f1as postizas, decoraciones, limado y programar la temperatura del agua.<\/p>\n<p style=\"text-align: center;\">(Un mes de duraci\u00f3n USD 100,00).<\/p>\n<div class=\"fusion-clearfix\"><\/div><\/div><\/div><div class=\"fusion-clearfix\"><\/div>\n","protected":false},"excerpt":{"rendered":"","protected":false},"author":1,"featured_media":0,"parent":0,"menu_order":0,"comment_status":"open","ping_status":"open","template":"","meta":[],"_links":{"self":[{"href":"https:\/\/academiamaribel.com\/es\/wp-json\/wp\/v2\/pages\/11904"}],"collection":[{"href":"https:\/\/academiamaribel.com\/es\/wp-json\/wp\/v2\/pages"}],"about":[{"href":"https:\/\/academiamaribel.com\/es\/wp-json\/wp\/v2\/types\/page"}],"author":[{"embeddable":true,"href":"https:\/\/academiamaribel.com\/es\/wp-json\/wp\/v2\/users\/1"}],"replies":[{"embeddable":true,"href":"https:\/\/academiamaribel.com\/es\/wp-json\/wp\/v2\/comments?post=11904"}],"version-history":[{"count":43,"href":"https:\/\/academiamaribel.com\/es\/wp-json\/wp\/v2\/pages\/11904\/revisions"}],"predecessor-version":[{"id":12301,"href":"https:\/\/academiamaribel.com\/es\/wp-json\/wp\/v2\/pages\/11904\/revisions\/12301"}],"wp:attachment":[{"href":"https:\/\/academiamaribel.com\/es\/wp-json\/wp\/v2\/media?parent=11904"}],"curies":[{"name":"wp","href":"https:\/\/api.w.org\/{rel}","templated":true}]}}